{"version":"1.0","provider_name":"Blog","provider_url":"https:\/\/www.inmomaspinell.com\/blog\/fr\/","author_name":"maspinell","author_url":"https:\/\/www.inmomaspinell.com\/blog\/fr\/author\/maspinell\/","title":"La Costa Brava: un bref aper\u00e7u - Blog","type":"rich","width":600,"height":338,"html":"<blockquote class=\"wp-embedded-content\" data-secret=\"0UyFdIqE05\"><a href=\"https:\/\/www.inmomaspinell.com\/blog\/fr\/la-costa-brava-un-bref-apercu\/\">La Costa Brava: un bref aper\u00e7u<\/a><\/blockquote><iframe sandbox=\"allow-scripts\" security=\"restricted\" src=\"https:\/\/www.inmomaspinell.com\/blog\/fr\/la-costa-brava-un-bref-apercu\/embed\/#?secret=0UyFdIqE05\" width=\"600\" height=\"338\" title=\"&#8220;La Costa Brava: un bref aper\u00e7u&#8221; &#8212; Blog\" data-secret=\"0UyFdIqE05\" frameborder=\"0\" marginwidth=\"0\" marginheight=\"0\" scrolling=\"no\" class=\"wp-embedded-content\"><\/iframe><script type=\"text\/javascript\">\n\/* <![CDATA[ *\/\n\/*! This file is auto-generated *\/\n!function(d,l){\"use strict\";l.querySelector&&d.addEventListener&&\"undefined\"!=typeof URL&&(d.wp=d.wp||{},d.wp.receiveEmbedMessage||(d.wp.receiveEmbedMessage=function(e){var t=e.data;if((t||t.secret||t.message||t.value)&&!\/[^a-zA-Z0-9]\/.test(t.secret)){for(var s,r,n,a=l.querySelectorAll('iframe[data-secret=\"'+t.secret+'\"]'),o=l.querySelectorAll('blockquote[data-secret=\"'+t.secret+'\"]'),c=new RegExp(\"^https?:$\",\"i\"),i=0;i<o.length;i++)o[i].style.display=\"none\";for(i=0;i<a.length;i++)s=a[i],e.source===s.contentWindow&&(s.removeAttribute(\"style\"),\"height\"===t.message?(1e3<(r=parseInt(t.value,10))?r=1e3:~~r<200&&(r=200),s.height=r):\"link\"===t.message&&(r=new URL(s.getAttribute(\"src\")),n=new URL(t.value),c.test(n.protocol))&&n.host===r.host&&l.activeElement===s&&(d.top.location.href=t.value))}},d.addEventListener(\"message\",d.wp.receiveEmbedMessage,!1),l.addEventListener(\"DOMContentLoaded\",function(){for(var e,t,s=l.querySelectorAll(\"iframe.wp-embedded-content\"),r=0;r<s.length;r++)(t=(e=s[r]).getAttribute(\"data-secret\"))||(t=Math.random().toString(36).substring(2,12),e.src+=\"#?secret=\"+t,e.setAttribute(\"data-secret\",t)),e.contentWindow.postMessage({message:\"ready\",secret:t},\"*\")},!1)))}(window,document);\n\/* ]]> *\/\n<\/script>\n","thumbnail_url":"https:\/\/www.inmomaspinell.com\/blog\/wp-content\/uploads\/2018\/12\/costa-brava-bleu-voyage.jpg","thumbnail_width":800,"thumbnail_height":533,"description":"La Costa Brava est le nom attribu\u00e9 \u00e0 la zone c\u00f4ti\u00e8re de la province de G\u00e9rone (Catalogne) qui commence \u00e0 Blanes et se termine \u00e0 Portbou (France). Cette bande c\u00f4ti\u00e8re couvre une superficie de 214 km et comprend les r\u00e9gions catalanes de Alt Empord\u00e0, Bajo Ampurd\u00e1n et La Selva."}